{"id":188,"date":"2024-06-13T14:02:45","date_gmt":"2024-06-13T12:02:45","guid":{"rendered":"https:\/\/xn--mtterpflegerin-schwerin-cpc.de\/?page_id=188"},"modified":"2024-06-26T11:58:58","modified_gmt":"2024-06-26T09:58:58","slug":"ueber-mich","status":"publish","type":"page","link":"https:\/\/stage.muetterpflegerin-schwerin.de\/?page_id=188","title":{"rendered":"\u00dcber mich"},"content":{"rendered":"\t\t<div data-elementor-type=\"wp-page\" data-elementor-id=\"188\" class=\"elementor elementor-188\" data-elementor-post-type=\"page\">\n\t\t\t\t<div class=\"elementor-element elementor-element-ed5dac7 e-flex e-con-boxed e-con e-parent\" data-id=\"ed5dac7\" data-element_type=\"container\">\n\t\t\t\t\t<div class=\"e-con-inner\">\n\t\t<div class=\"elementor-element elementor-element-8fc1427 e-con-full e-flex e-con e-child\" data-id=\"8fc1427\" data-element_type=\"container\">\n\t\t<div class=\"elementor-element elementor-element-ed6b97a e-con-full e-flex e-con e-child\" data-id=\"ed6b97a\" data-element_type=\"container\">\n\t\t\t\t<div class=\"elementor-element elementor-element-8c1fb1c elementor-widget elementor-widget-heading\" data-id=\"8c1fb1c\" data-element_type=\"widget\" data-settings=\"{&quot;motion_fx_motion_fx_scrolling&quot;:&quot;yes&quot;,&quot;motion_fx_translateY_effect&quot;:&quot;yes&quot;,&quot;motion_fx_translateY_direction&quot;:&quot;negative&quot;,&quot;motion_fx_translateY_affectedRange&quot;:{&quot;unit&quot;:&quot;%&quot;,&quot;size&quot;:&quot;&quot;,&quot;sizes&quot;:{&quot;start&quot;:33,&quot;end&quot;:53}},&quot;motion_fx_range&quot;:&quot;viewport&quot;,&quot;motion_fx_translateY_speed&quot;:{&quot;unit&quot;:&quot;px&quot;,&quot;size&quot;:4,&quot;sizes&quot;:[]},&quot;motion_fx_devices&quot;:[&quot;desktop&quot;,&quot;tablet&quot;,&quot;mobile&quot;]}\" data-widget_type=\"heading.default\">\n\t\t\t\t<div class=\"elementor-widget-container\">\n\t\t\t<style>\/*! elementor - v3.22.0 - 17-06-2024 *\/\n.elementor-heading-title{padding:0;margin:0;line-height:1}.elementor-widget-heading .elementor-heading-title[class*=elementor-size-]>a{color:inherit;font-size:inherit;line-height:inherit}.elementor-widget-heading .elementor-heading-title.elementor-size-small{font-size:15px}.elementor-widget-heading .elementor-heading-title.elementor-size-medium{font-size:19px}.elementor-widget-heading .elementor-heading-title.elementor-size-large{font-size:29px}.elementor-widget-heading .elementor-heading-title.elementor-size-xl{font-size:39px}.elementor-widget-heading .elementor-heading-title.elementor-size-xxl{font-size:59px}<\/style><h2 class=\"elementor-heading-title elementor-size-default\">Elisabeth Schubert<\/h2>\t\t<\/div>\n\t\t\t\t<\/div>\n\t\t\t\t<div class=\"elementor-element elementor-element-f5dfc63 elementor-widget elementor-widget-text-editor\" data-id=\"f5dfc63\" data-element_type=\"widget\" data-widget_type=\"text-editor.default\">\n\t\t\t\t<div class=\"elementor-widget-container\">\n\t\t\t<style>\/*! elementor - v3.22.0 - 17-06-2024 *\/\n.elementor-widget-text-editor.elementor-drop-cap-view-stacked .elementor-drop-cap{background-color:#69727d;color:#fff}.elementor-widget-text-editor.elementor-drop-cap-view-framed .elementor-drop-cap{color:#69727d;border:3px solid;background-color:transparent}.elementor-widget-text-editor:not(.elementor-drop-cap-view-default) .elementor-drop-cap{margin-top:8px}.elementor-widget-text-editor:not(.elementor-drop-cap-view-default) .elementor-drop-cap-letter{width:1em;height:1em}.elementor-widget-text-editor .elementor-drop-cap{float:left;text-align:center;line-height:1;font-size:50px}.elementor-widget-text-editor .elementor-drop-cap-letter{display:inline-block}<\/style>\t\t\t\t<p>Mein Name ist Elisabeth Schubert, ich bin 24 Jahre jung, ausgebildete Krankenschwester und stolze alleinerziehende Mama eines quirligen 1-j\u00e4hrigen Sohnes. Mit meiner Erfahrung und Leidenschaft f\u00fcr die Pflege m\u00f6chte ich dir als frischgebackene Mama in dieser aufregenden und manchmal herausfordernden neuen Lebensphase zur Seite stehen. Nat\u00fcrlich unterst\u00fctze ich auch Papas und werdende Eltern, um diese besondere Zeit so angenehm wie m\u00f6glich zu gestalten.<\/p>\t\t\t\t\t\t<\/div>\n\t\t\t\t<\/div>\n\t\t\t\t<\/div>\n\t\t\t\t<\/div>\n\t\t<div class=\"elementor-element elementor-element-47478a4 e-con-full e-flex e-con e-child\" data-id=\"47478a4\" data-element_type=\"container\">\n\t\t\t\t<div class=\"elementor-element elementor-element-c6ea1a1 elementor-widget elementor-widget-image\" data-id=\"c6ea1a1\" data-element_type=\"widget\" data-settings=\"{&quot;motion_fx_motion_fx_scrolling&quot;:&quot;yes&quot;,&quot;motion_fx_translateX_effect&quot;:&quot;yes&quot;,&quot;motion_fx_translateX_affectedRange&quot;:{&quot;unit&quot;:&quot;%&quot;,&quot;size&quot;:&quot;&quot;,&quot;sizes&quot;:{&quot;start&quot;:0,&quot;end&quot;:50}},&quot;motion_fx_blur_effect&quot;:&quot;yes&quot;,&quot;motion_fx_blur_range&quot;:{&quot;unit&quot;:&quot;%&quot;,&quot;size&quot;:&quot;&quot;,&quot;sizes&quot;:{&quot;start&quot;:0,&quot;end&quot;:57}},&quot;motion_fx_translateX_speed&quot;:{&quot;unit&quot;:&quot;px&quot;,&quot;size&quot;:4,&quot;sizes&quot;:[]},&quot;motion_fx_blur_direction&quot;:&quot;out-in&quot;,&quot;motion_fx_blur_level&quot;:{&quot;unit&quot;:&quot;px&quot;,&quot;size&quot;:7,&quot;sizes&quot;:[]},&quot;motion_fx_devices&quot;:[&quot;desktop&quot;,&quot;tablet&quot;,&quot;mobile&quot;]}\" data-widget_type=\"image.default\">\n\t\t\t\t<div class=\"elementor-widget-container\">\n\t\t\t<style>\/*! elementor - v3.22.0 - 17-06-2024 *\/\n.elementor-widget-image{text-align:center}.elementor-widget-image a{display:inline-block}.elementor-widget-image a img[src$=\".svg\"]{width:48px}.elementor-widget-image img{vertical-align:middle;display:inline-block}<\/style>\t\t\t\t\t\t\t\t\t\t<img fetchpriority=\"high\" decoding=\"async\" width=\"200\" height=\"300\" src=\"https:\/\/stage.muetterpflegerin-schwerin.de\/wp-content\/uploads\/2024\/06\/pexels-theweddingfog-2995347-200x300.jpg\" class=\"attachment-medium size-medium wp-image-21\" alt=\"\" srcset=\"https:\/\/stage.muetterpflegerin-schwerin.de\/wp-content\/uploads\/2024\/06\/pexels-theweddingfog-2995347-200x300.jpg 200w, https:\/\/stage.muetterpflegerin-schwerin.de\/wp-content\/uploads\/2024\/06\/pexels-theweddingfog-2995347-683x1024.jpg 683w, https:\/\/stage.muetterpflegerin-schwerin.de\/wp-content\/uploads\/2024\/06\/pexels-theweddingfog-2995347-768x1152.jpg 768w, https:\/\/stage.muetterpflegerin-schwerin.de\/wp-content\/uploads\/2024\/06\/pexels-theweddingfog-2995347-1024x1536.jpg 1024w, https:\/\/stage.muetterpflegerin-schwerin.de\/wp-content\/uploads\/2024\/06\/pexels-theweddingfog-2995347-1365x2048.jpg 1365w, https:\/\/stage.muetterpflegerin-schwerin.de\/wp-content\/uploads\/2024\/06\/pexels-theweddingfog-2995347-scaled.jpg 1707w\" sizes=\"(max-width: 200px) 100vw, 200px\" \/>\t\t\t\t\t\t\t\t\t\t\t\t\t<\/div>\n\t\t\t\t<\/div>\n\t\t\t\t<\/div>\n\t\t\t\t\t<\/div>\n\t\t\t\t<\/div>\n\t\t<div class=\"elementor-element elementor-element-ec65dd0 e-con-full e-flex e-con e-parent\" data-id=\"ec65dd0\" data-element_type=\"container\" data-settings=\"{&quot;background_background&quot;:&quot;classic&quot;}\">\n\t\t<div class=\"elementor-element elementor-element-6543bb9 e-flex e-con-boxed e-con e-child\" data-id=\"6543bb9\" data-element_type=\"container\">\n\t\t\t\t\t<div class=\"e-con-inner\">\n\t\t<div class=\"elementor-element elementor-element-43b2e46 e-con-full e-flex e-con e-child\" data-id=\"43b2e46\" data-element_type=\"container\">\n\t\t\t\t<div class=\"elementor-element elementor-element-93a2028 elementor-widget elementor-widget-image\" data-id=\"93a2028\" data-element_type=\"widget\" data-widget_type=\"image.default\">\n\t\t\t\t<div class=\"elementor-widget-container\">\n\t\t\t\t\t\t\t\t\t\t\t\t\t<img decoding=\"async\" width=\"800\" height=\"534\" src=\"https:\/\/stage.muetterpflegerin-schwerin.de\/wp-content\/uploads\/2024\/06\/pexels-polina-tankilevitch-3875083-1024x683.jpg\" class=\"attachment-large size-large wp-image-22\" alt=\"\" srcset=\"https:\/\/stage.muetterpflegerin-schwerin.de\/wp-content\/uploads\/2024\/06\/pexels-polina-tankilevitch-3875083-1024x683.jpg 1024w, https:\/\/stage.muetterpflegerin-schwerin.de\/wp-content\/uploads\/2024\/06\/pexels-polina-tankilevitch-3875083-300x200.jpg 300w, https:\/\/stage.muetterpflegerin-schwerin.de\/wp-content\/uploads\/2024\/06\/pexels-polina-tankilevitch-3875083-768x512.jpg 768w, https:\/\/stage.muetterpflegerin-schwerin.de\/wp-content\/uploads\/2024\/06\/pexels-polina-tankilevitch-3875083-1536x1024.jpg 1536w, https:\/\/stage.muetterpflegerin-schwerin.de\/wp-content\/uploads\/2024\/06\/pexels-polina-tankilevitch-3875083-2048x1365.jpg 2048w\" sizes=\"(max-width: 800px) 100vw, 800px\" \/>\t\t\t\t\t\t\t\t\t\t\t\t\t<\/div>\n\t\t\t\t<\/div>\n\t\t\t\t<\/div>\n\t\t<div class=\"elementor-element elementor-element-818b894 e-con-full e-flex e-con e-child\" data-id=\"818b894\" data-element_type=\"container\">\n\t\t\t\t<div class=\"elementor-element elementor-element-50d54c8 elementor-widget elementor-widget-heading\" data-id=\"50d54c8\" data-element_type=\"widget\" data-widget_type=\"heading.default\">\n\t\t\t\t<div class=\"elementor-widget-container\">\n\t\t\t<h2 class=\"elementor-heading-title elementor-size-default\">M\u00fctterpflege<\/h2>\t\t<\/div>\n\t\t\t\t<\/div>\n\t\t\t\t<div class=\"elementor-element elementor-element-f04c1c4 elementor-widget elementor-widget-text-editor\" data-id=\"f04c1c4\" data-element_type=\"widget\" data-widget_type=\"text-editor.default\">\n\t\t\t\t<div class=\"elementor-widget-container\">\n\t\t\t\t\t\t\t<p>Als M\u00fctterpflegerin unterst\u00fctze ich dich mit Rat und Tat, um dir den Alltag zu erleichtern und dir wertvolle Momente der Entspannung zu schenken. Egal ob Hilfe im Haushalt, Betreuung deines kleinen Schatzes oder wertvolle Tipps f\u00fcr den Alltag \u2013 ich bin f\u00fcr dich da!<\/p>\t\t\t\t\t\t<\/div>\n\t\t\t\t<\/div>\n\t\t\t\t<\/div>\n\t\t\t\t\t<\/div>\n\t\t\t\t<\/div>\n\t\t\t\t<\/div>\n\t\t<div class=\"elementor-element elementor-element-833fb6e e-flex e-con-boxed e-con e-parent\" data-id=\"833fb6e\" data-element_type=\"container\">\n\t\t\t\t\t<div class=\"e-con-inner\">\n\t\t<div class=\"elementor-element elementor-element-c2a9f2f e-con-full e-flex e-con e-child\" data-id=\"c2a9f2f\" data-element_type=\"container\">\n\t\t\t\t<div class=\"elementor-element elementor-element-e790c68 elementor-widget elementor-widget-heading\" data-id=\"e790c68\" data-element_type=\"widget\" data-widget_type=\"heading.default\">\n\t\t\t\t<div class=\"elementor-widget-container\">\n\t\t\t<h2 class=\"elementor-heading-title elementor-size-default\">Leidenschaft<\/h2>\t\t<\/div>\n\t\t\t\t<\/div>\n\t\t\t\t<div class=\"elementor-element elementor-element-afbaaa2 elementor-widget elementor-widget-text-editor\" data-id=\"afbaaa2\" data-element_type=\"widget\" data-widget_type=\"text-editor.default\">\n\t\t\t\t<div class=\"elementor-widget-container\">\n\t\t\t\t\t\t\t<p>Mit meiner Leidenschaft f\u00fcr die Pflege und meiner vielseitigen Berufserfahrung im Krei\u00dfsaal, auf der Wochenstation und in der Kinder- und Jugendpsychiatrie stehe ich dir einf\u00fchlsam und kompetent zur Seite.<br \/>Meine Spezialgebiete umfassen Babymassage und Erste Hilfe f\u00fcr S\u00e4uglinge<\/p>\t\t\t\t\t\t<\/div>\n\t\t\t\t<\/div>\n\t\t\t\t<\/div>\n\t\t<div class=\"elementor-element elementor-element-58f9203 e-con-full e-flex e-con e-child\" data-id=\"58f9203\" data-element_type=\"container\">\n\t\t\t\t<div class=\"elementor-element elementor-element-0b5b176 elementor-widget elementor-widget-image\" data-id=\"0b5b176\" data-element_type=\"widget\" data-widget_type=\"image.default\">\n\t\t\t\t<div class=\"elementor-widget-container\">\n\t\t\t\t\t\t\t\t\t\t\t\t\t<img decoding=\"async\" width=\"800\" height=\"534\" src=\"https:\/\/stage.muetterpflegerin-schwerin.de\/wp-content\/uploads\/2024\/06\/pexels-pixabay-415824-1024x683.jpg\" class=\"attachment-large size-large wp-image-223\" alt=\"\" srcset=\"https:\/\/stage.muetterpflegerin-schwerin.de\/wp-content\/uploads\/2024\/06\/pexels-pixabay-415824-1024x683.jpg 1024w, https:\/\/stage.muetterpflegerin-schwerin.de\/wp-content\/uploads\/2024\/06\/pexels-pixabay-415824-300x200.jpg 300w, https:\/\/stage.muetterpflegerin-schwerin.de\/wp-content\/uploads\/2024\/06\/pexels-pixabay-415824-768x512.jpg 768w, https:\/\/stage.muetterpflegerin-schwerin.de\/wp-content\/uploads\/2024\/06\/pexels-pixabay-415824-1536x1024.jpg 1536w, https:\/\/stage.muetterpflegerin-schwerin.de\/wp-content\/uploads\/2024\/06\/pexels-pixabay-415824-2048x1365.jpg 2048w\" sizes=\"(max-width: 800px) 100vw, 800px\" \/>\t\t\t\t\t\t\t\t\t\t\t\t\t<\/div>\n\t\t\t\t<\/div>\n\t\t\t\t<\/div>\n\t\t\t\t\t<\/div>\n\t\t\t\t<\/div>\n\t\t<div class=\"elementor-element elementor-element-5665b54 e-con-full e-flex e-con e-parent\" data-id=\"5665b54\" data-element_type=\"container\" data-settings=\"{&quot;background_background&quot;:&quot;classic&quot;}\">\n\t\t<div class=\"elementor-element elementor-element-ef6037c e-flex e-con-boxed e-con e-child\" data-id=\"ef6037c\" data-element_type=\"container\">\n\t\t\t\t\t<div class=\"e-con-inner\">\n\t\t\t\t<div class=\"elementor-element elementor-element-d2a0105 elementor-widget elementor-widget-text-editor\" data-id=\"d2a0105\" data-element_type=\"widget\" data-widget_type=\"text-editor.default\">\n\t\t\t\t<div class=\"elementor-widget-container\">\n\t\t\t\t\t\t\t<p style=\"text-align: center;\"><em>Lass uns gemeinsam die sch\u00f6ne, aber auch anspruchsvolle Zeit vor und nach der Geburt genie\u00dfen und meistern. Ich freue mich darauf, dich und deine Familie kennenzulernen!<\/em><\/p><p style=\"text-align: center;\"><em>Deine Elisabeth Schubert<\/em><\/p>\t\t\t\t\t\t<\/div>\n\t\t\t\t<\/div>\n\t\t\t\t\t<\/div>\n\t\t\t\t<\/div>\n\t\t\t\t<\/div>\n\t\t\t\t<\/div>\n\t\t","protected":false},"excerpt":{"rendered":"<p>Elisabeth Schubert Mein Name ist Elisabeth Schubert, ich bin 24 Jahre jung, ausgebildete Krankenschwester und stolze alleinerziehende Mama eines quirligen 1-j\u00e4hrigen Sohnes. Mit meiner Erfahrung und Leidenschaft f\u00fcr die Pflege m\u00f6chte ich dir als frischgebackene Mama in dieser aufregenden und manchmal herausfordernden neuen Lebensphase zur Seite stehen. Nat\u00fcrlich unterst\u00fctze ich auch Papas und werdende Eltern, [&hellip;]<\/p>\n","protected":false},"author":1,"featured_media":0,"parent":0,"menu_order":0,"comment_status":"closed","ping_status":"closed","template":"","meta":{"footnotes":""},"jetpack_sharing_enabled":true,"_links":{"self":[{"href":"https:\/\/stage.muetterpflegerin-schwerin.de\/index.php?rest_route=\/wp\/v2\/pages\/188"}],"collection":[{"href":"https:\/\/stage.muetterpflegerin-schwerin.de\/index.php?rest_route=\/wp\/v2\/pages"}],"about":[{"href":"https:\/\/stage.muetterpflegerin-schwerin.de\/index.php?rest_route=\/wp\/v2\/types\/page"}],"author":[{"embeddable":true,"href":"https:\/\/stage.muetterpflegerin-schwerin.de\/index.php?rest_route=\/wp\/v2\/users\/1"}],"replies":[{"embeddable":true,"href":"https:\/\/stage.muetterpflegerin-schwerin.de\/index.php?rest_route=%2Fwp%2Fv2%2Fcomments&post=188"}],"version-history":[{"count":26,"href":"https:\/\/stage.muetterpflegerin-schwerin.de\/index.php?rest_route=\/wp\/v2\/pages\/188\/revisions"}],"predecessor-version":[{"id":501,"href":"https:\/\/stage.muetterpflegerin-schwerin.de\/index.php?rest_route=\/wp\/v2\/pages\/188\/revisions\/501"}],"wp:attachment":[{"href":"https:\/\/stage.muetterpflegerin-schwerin.de\/index.php?rest_route=%2Fwp%2Fv2%2Fmedia&parent=188"}],"curies":[{"name":"wp","href":"https:\/\/api.w.org\/{rel}","templated":true}]}}